{"id":188,"date":"2013-12-24T22:52:40","date_gmt":"2013-12-24T21:52:40","guid":{"rendered":"http:\/\/sanboin.mahajana.net\/?page_id=188"},"modified":"2013-12-25T18:26:52","modified_gmt":"2013-12-25T17:26:52","slug":"jego-swiatobliwosc-eiheiji-zenji","status":"publish","type":"page","link":"https:\/\/sanboin.mahajana.pl\/?page_id=188","title":{"rendered":"Jego \u015awi\u0105tobliwo\u015b\u0107 Eiheiji Zenji"},"content":{"rendered":"<p>Pe\u0142ny tytu\u0142 jaki nosz\u0105 obydwaj \u017cyj\u0105cy najwi\u0119ksi Patriarchowie tradycji Soto Zen brzmi:\u00a0<strong>Kancho Geika Daihonzan Kanshu Dai Zenji<\/strong><\/p>\n<p><b><i>Kancho<\/i><\/b>\u00a0\u2014 oznacza \u017cyj\u0105cego patriarch\u0119 linii.<br \/>\n<b><i>Geika<\/i><\/b>\u00a0\u2014 \u015awi\u0105tobliwo\u015b\u0107.<br \/>\n<b><i>Daihonzan<\/i><\/b>\u00a0\u2014 \u201e<b><i>Wielki Honzan<\/i><\/b>\u201d;\u00a0<b><i>Honzan<\/i><\/b>\u00a0oznacza dok\u0142adnie \u201ePierwotna G\u00f3ra\u201d i&nbsp;tego okre\u015blenia u\u017cywa si\u0119 dzisiaj w&nbsp;Japonii w&nbsp;stosunku do&nbsp;wszystkich g\u0142\u00f3wnych klasztor\u00f3w, wszystkich tradycji buddyjskich.\u00a0<b><i>Dai<\/i><\/b>\u00a0oznacza \u201eWielki\u201d i&nbsp;ca\u0142o\u015b\u0107 ma znaczenie: \u201eWielki G\u0142\u00f3wny Klasztor\u201d.<br \/>\n<b><i>Kanshu<\/i><\/b>\u00a0\u2014 Oznacza G\u0142\u00f3wny Mistrz.<br \/>\n<b><i>Dai<\/i><\/b>\u00a0\u2014 Wielki.<br \/>\n<b><i>Zenji<\/i><\/b>\u00a0\u2014 Mistrz Zen.<\/p>\n<p>Ca\u0142y tytu\u0142 po&nbsp;polsku brzmi wi\u0119c:<\/p>\n<p style=\"text-align: center;\">Patriarcha Linii<br \/>\nJego \u015awi\u0105tobliwo\u015b\u0107<br \/>\nG\u0142\u00f3wny Mistrz Wielkiego G\u0142\u00f3wnego Klasztoru<br \/>\nWielki Mistrz Zen<\/p>\n<p>Ostatnimi znanymi dwoma Patriarchami Eiheiji byli:<\/p>\n<p>Siedemdziesi\u0105ty Sz\u00f3sty Patriarcha Eiheji\u00a0<b>Hata Egyoku Zenji<\/b>\u00a0Siedemdziesi\u0105ty Si\u00f3dmy Patriarcha Eiheji\u00a0<b>Niwa Renpo Zenji<\/b><\/p>\n<p>Siedemdziesi\u0105tym \u00d3smym Patriarch\u0105 Eiheiji by\u0142\u00a0<b>Miyazaki Ekiho Zenji<\/b>. Urodzi\u0142 si\u0119 w&nbsp;34 roku ery Meiji (1901), 25 listopada. Uko\u0144czy\u0142 Uniwersytet Komazawa i&nbsp;praktykowa\u0142 w&nbsp;wielu klasztorach Soto. W&nbsp;Nagoya w&nbsp;Sodo Ansaiin, w&nbsp;Gifu w&nbsp;Sodo Ryutaiji, w&nbsp;Kobe w&nbsp;Sodo Hachioji oraz&nbsp;w&nbsp;klasztorze Rinzai \u2014&nbsp;Daitokuji w&nbsp;Kyoto.<\/p>\n<p>W&nbsp;wieku jedenastu lat, po&nbsp;\u015bmierci ojca, odszed\u0142 z&nbsp;rodzinnego domu i&nbsp;wst\u0105pi\u0142 do&nbsp;\u015bwi\u0105tyni Fukudenji jako mnich nowicjusz.<\/p>\n<p><b><i>Shiho<\/i><\/b>\u00a0\u2014 Przekaz Dharmy otrzyma\u0142 od&nbsp;opata Fukudenji Koshio Gindo Roshi.<\/p>\n<p>W&nbsp;1931 roku w&nbsp;czasie Ango \u2014&nbsp;odosobnienia otrzyma\u0142\u00a0<b><i>Inka Shomei<\/i><\/b>\u00a0\u2014 \u201ePiecz\u0119\u0107 Potwierdzenia\u201d, w&nbsp;klasztorze Fukudenji od&nbsp;Tai Esho Roshi. \u201ePiecz\u0119\u0107 Potwierdzenia\u201d jest prywatnym dokumentem napisanym przez&nbsp;osobistego nauczyciela, potwierdzaj\u0105cym urzeczywistnieni ucznia.<\/p>\n<p>Jego kariera w&nbsp;Eiheiji jest u\u0142o\u017cona chronologicznie:<\/p>\n<p><span style=\"text-align: justify;\">-w 1947 roku zosta\u0142 Tanto \u2014&nbsp;mistrzem prowadz\u0105cym praktyk\u0119 mnich\u00f3w w&nbsp;Sodo w&nbsp;Eiheiji;<\/span><br \/>\n<span style=\"text-align: justify;\">-w 1966 Godo \u2014&nbsp;g\u0142\u00f3wnym mistrzem prowadz\u0105cym praktyk\u0119 mnich\u00f3w w&nbsp;Eiheiji, w&nbsp;1982 zosta\u0142 powo\u0142any na&nbsp;stanowisko Kanin \u2014&nbsp;g\u0142\u00f3wnego -administratora, dyrektor klasztoru;<\/span><br \/>\n<span style=\"text-align: justify;\">-w 1986 roku Fuku Kanshu \u2014&nbsp;Wice-Opatem Eiheji, i&nbsp;ostatecznie<\/span><br \/>\n<span style=\"text-align: justify;\">-w 1994 zosta\u0142 Kanshu, czyli G\u0142\u00f3wnym Mistrzem \u2014&nbsp;Opatem, Patriarch\u0105 Eiheiji<\/span><\/p>\n<p><b>Miyazaki Ekiho Zenji<\/b>\u00a0odszed\u0142 Nirwan\u0119\u00a05 stycznia 2008 roku\u00a0w wieku\u00a0108 lat. Jego wiek Dharmy, tzn. wiek liczony od&nbsp;momentu wy\u015bwi\u0119cenia na&nbsp;mnicha wynosi\u0142\u00a092 lata.<\/p>\n<p>Obecnie siedemdziesi\u0105tym dziewi\u0105tym patriarch\u0105 i&nbsp;opatem Eiheiji jest\u00a0<b>Fukuyma Taiho Zenji<\/b>, kt\u00f3ry&nbsp;pe\u0142ni\u0142 funkcj\u0119 wice opata Eiheiji do&nbsp;momentu Nirwany Ekiho Zenji. Fukuyama Taiho Zenji zosta\u0142 opatem Eiheiji w&nbsp;czasie ceremonii intronizacji 5 kwietnia 2008 roku.<\/p>\n<p>Codziennie w&nbsp;wielu \u015bwi\u0105tyniach Soto na&nbsp;\u015bwiecie, ofiarowywane s\u0105 modlitwy o&nbsp;d\u0142ugie \u017cycie Jego \u015awi\u0105tobliwo\u015bci Eiheji.<\/p>\n","protected":false},"excerpt":{"rendered":"<p>Pe\u0142ny tytu\u0142 jaki nosz\u0105 obydwaj \u017cyj\u0105cy najwi\u0119ksi Patriarchowie tradycji Soto Zen brzmi:\u00a0Kancho Geika Daihonzan Kanshu<a class=\"post_read_more\" href=\"https:\/\/sanboin.mahajana.pl\/?page_id=188\">Czytaj dalej<\/a><\/p>\n","protected":false},"author":1,"featured_media":0,"parent":12,"menu_order":0,"comment_status":"closed","ping_status":"closed","template":"","meta":[],"_links":{"self":[{"href":"https:\/\/sanboin.mahajana.pl\/index.php?rest_route=\/wp\/v2\/pages\/188"}],"collection":[{"href":"https:\/\/sanboin.mahajana.pl\/index.php?rest_route=\/wp\/v2\/pages"}],"about":[{"href":"https:\/\/sanboin.mahajana.pl\/index.php?rest_route=\/wp\/v2\/types\/page"}],"author":[{"embeddable":true,"href":"https:\/\/sanboin.mahajana.pl\/index.php?rest_route=\/wp\/v2\/users\/1"}],"replies":[{"embeddable":true,"href":"https:\/\/sanboin.mahajana.pl\/index.php?rest_route=%2Fwp%2Fv2%2Fcomments&post=188"}],"version-history":[{"count":5,"href":"https:\/\/sanboin.mahajana.pl\/index.php?rest_route=\/wp\/v2\/pages\/188\/revisions"}],"predecessor-version":[{"id":249,"href":"https:\/\/sanboin.mahajana.pl\/index.php?rest_route=\/wp\/v2\/pages\/188\/revisions\/249"}],"up":[{"embeddable":true,"href":"https:\/\/sanboin.mahajana.pl\/index.php?rest_route=\/wp\/v2\/pages\/12"}],"wp:attachment":[{"href":"https:\/\/sanboin.mahajana.pl\/index.php?rest_route=%2Fwp%2Fv2%2Fmedia&parent=188"}],"curies":[{"name":"wp","href":"https:\/\/api.w.org\/{rel}","templated":true}]}}